{"id":7030,"date":"2021-11-23T16:59:27","date_gmt":"2021-11-23T15:59:27","guid":{"rendered":"https:\/\/constancehurle.com\/bio\/"},"modified":"2026-03-17T11:33:48","modified_gmt":"2026-03-17T10:33:48","slug":"la-compania","status":"publish","type":"page","link":"https:\/\/constancehurle.com\/es\/la-compania\/","title":{"rendered":"La Compa\u00f1\u00eda"},"content":{"rendered":"[vc_row type=\u00bbfull_width_background\u00bb full_screen_row_position=\u00bbmiddle\u00bb column_margin=\u00bbdefault\u00bb equal_height=\u00bbyes\u00bb content_placement=\u00bbmiddle\u00bb column_direction=\u00bbdefault\u00bb column_direction_tablet=\u00bbdefault\u00bb column_direction_phone=\u00bbdefault\u00bb bg_color=\u00bb#000000&#8243; scene_position=\u00bbcenter\u00bb top_padding=\u00bb3%\u00bb bottom_padding=\u00bb3%\u00bb top_padding_tablet=\u00bb8%\u00bb bottom_padding_tablet=\u00bb8%\u00bb text_color=\u00bbdark\u00bb text_align=\u00bbleft\u00bb row_border_radius=\u00bbnone\u00bb row_border_radius_applies=\u00bbbg\u00bb overflow=\u00bbvisible\u00bb id=\u00bbhome\u00bb overlay_strength=\u00bb0.5&#8243; gradient_direction=\u00bbtop_to_bottom\u00bb shape_divider_position=\u00bbbottom\u00bb bg_image_animation=\u00bbnone\u00bb shape_type=\u00bbstraight_section\u00bb][vc_column column_padding=\u00bbno-extra-padding\u00bb column_padding_tablet=\u00bbinherit\u00bb column_padding_phone=\u00bbinherit\u00bb column_padding_position=\u00bball\u00bb top_margin=\u00bb0&#8243; constrain_group_1=\u00bbyes\u00bb bottom_margin=\u00bb0&#8243; left_margin_tablet=\u00bbauto\u00bb right_margin_tablet=\u00bbauto\u00bb left_margin_phone=\u00bbauto\u00bb right_margin_phone=\u00bbauto\u00bb column_element_spacing=\u00bbdefault\u00bb background_color_opacity=\u00bb1&#8243; background_hover_color_opacity=\u00bb1&#8243; column_shadow=\u00bbnone\u00bb column_border_radius=\u00bbnone\u00bb column_link_target=\u00bb_self\u00bb column_position=\u00bbdefault\u00bb max_width_tablet=\u00bb600&#8243; max_width_phone=\u00bb420px\u00bb gradient_direction=\u00bbleft_to_right\u00bb overlay_strength=\u00bb0.5&#8243; width=\u00bb1\/2&#8243; tablet_width_inherit=\u00bbdefault\u00bb tablet_text_alignment=\u00bbdefault\u00bb phone_text_alignment=\u00bbdefault\u00bb animation_type=\u00bbdefault\u00bb bg_image_animation=\u00bbnone\u00bb border_type=\u00bbsimple\u00bb column_border_width=\u00bbnone\u00bb column_border_style=\u00bbsolid\u00bb offset=\u00bbvc_col-xs-12&#8243;][vc_column_text css_animation=\u00bbnone\u00bb css=\u00bb.vc_custom_1661772671877{margin-bottom: 40px !important;}\u00bb el_class=\u00bbtextoblanco\u00bb]\n<h2>Hurl\u00e9<\/h2>\n[\/vc_column_text][vc_column_text el_class=\u00bbtextofino\u00bb css=\u00bb.vc_custom_1661772695441{border-top-width: 0px !important;border-right-width: 0px !important;border-bottom-width: 0px !important;border-left-width: 0px !important;padding-top: 20px !important;padding-right: 0px !important;padding-bottom: 0px !important;padding-left: 0px !important;border-left-color: #ffffff !important;border-left-style: solid !important;border-right-color: #ffffff !important;border-right-style: solid !important;border-top-color: #ffffff !important;border-top-style: solid !important;border-bottom-color: #ffffff !important;border-bottom-style: solid !important;}\u00bb]<em>Hurl\u00e9 en honor a mi abuela, Mim\u00ed Hurl\u00e9, para reivindicar esas artistas silenciadas de lo cotidiano que son las mujeres de mi familia materna, mujeres fuertes y creativas a las que nunca se les di\u00f3 permiso ni espacio para expresarse. <\/em>Constance Hurl\u00e9[\/vc_column_text][\/vc_column][vc_column column_padding=\u00bbpadding-7-percent\u00bb column_padding_tablet=\u00bbno-extra-padding\u00bb column_padding_phone=\u00bbno-extra-padding\u00bb column_padding_position=\u00bbleft-right\u00bb top_margin_tablet=\u00bb40&#8243; left_margin_tablet=\u00bbauto\u00bb right_margin_tablet=\u00bbauto\u00bb left_margin_phone=\u00bbauto\u00bb right_margin_phone=\u00bbauto\u00bb column_element_spacing=\u00bbdefault\u00bb background_color_opacity=\u00bb1&#8243; background_hover_color_opacity=\u00bb1&#8243; column_shadow=\u00bbnone\u00bb column_border_radius=\u00bbnone\u00bb column_link_target=\u00bb_self\u00bb max_width_desktop=\u00bb1000px\u00bb column_position=\u00bbdefault\u00bb max_width_tablet=\u00bb600px\u00bb max_width_phone=\u00bb420px\u00bb zindex=\u00bb100&#8243; gradient_direction=\u00bbleft_t_to_right_b\u00bb overlay_strength=\u00bb0.3&#8243; width=\u00bb1\/2&#8243; tablet_width_inherit=\u00bbdefault\u00bb tablet_text_alignment=\u00bbdefault\u00bb phone_text_alignment=\u00bbdefault\u00bb animation_type=\u00bbdefault\u00bb bg_image_animation=\u00bbnone\u00bb border_type=\u00bbsimple\u00bb column_border_width=\u00bbnone\u00bb column_border_style=\u00bbsolid\u00bb offset=\u00bbvc_col-xs-12&#8243;][\/vc_column][\/vc_row][vc_row type=\u00bbfull_width_background\u00bb full_screen_row_position=\u00bbmiddle\u00bb column_margin=\u00bb40px\u00bb equal_height=\u00bbyes\u00bb content_placement=\u00bbmiddle\u00bb column_direction=\u00bbdefault\u00bb column_direction_tablet=\u00bbdefault\u00bb column_direction_phone=\u00bbdefault\u00bb bg_color=\u00bb#000000&#8243; bg_image=\u00bb6414&#8243; bg_position=\u00bbcenter center\u00bb background_image_loading=\u00bbdefault\u00bb bg_repeat=\u00bbno-repeat\u00bb scene_position=\u00bbcenter\u00bb top_padding=\u00bb4%\u00bb bottom_padding=\u00bb4%\u00bb top_padding_tablet=\u00bb8%\u00bb bottom_padding_tablet=\u00bb8%\u00bb text_color=\u00bbdark\u00bb text_align=\u00bbleft\u00bb row_border_radius=\u00bbnone\u00bb row_border_radius_applies=\u00bbbg\u00bb overflow=\u00bbvisible\u00bb id=\u00bbhome\u00bb overlay_strength=\u00bb0.5&#8243; gradient_direction=\u00bbtop_to_bottom\u00bb shape_divider_position=\u00bbbottom\u00bb bg_image_animation=\u00bbnone\u00bb shape_type=\u00bbstraight_section\u00bb][vc_column column_padding=\u00bbno-extra-padding\u00bb column_padding_tablet=\u00bbinherit\u00bb column_padding_phone=\u00bbinherit\u00bb column_padding_position=\u00bball\u00bb top_margin=\u00bb0&#8243; constrain_group_1=\u00bbyes\u00bb bottom_margin=\u00bb0&#8243; left_margin_tablet=\u00bbauto\u00bb right_margin_tablet=\u00bbauto\u00bb left_margin_phone=\u00bbauto\u00bb right_margin_phone=\u00bbauto\u00bb column_element_spacing=\u00bbdefault\u00bb background_color_opacity=\u00bb1&#8243; background_hover_color_opacity=\u00bb1&#8243; column_shadow=\u00bbnone\u00bb column_border_radius=\u00bbnone\u00bb column_link_target=\u00bb_self\u00bb column_position=\u00bbdefault\u00bb max_width_tablet=\u00bb600&#8243; max_width_phone=\u00bb420px\u00bb gradient_direction=\u00bbleft_to_right\u00bb overlay_strength=\u00bb0.5&#8243; width=\u00bb1\/1&#8243; tablet_width_inherit=\u00bbdefault\u00bb tablet_text_alignment=\u00bbdefault\u00bb phone_text_alignment=\u00bbdefault\u00bb animation_type=\u00bbdefault\u00bb bg_image_animation=\u00bbnone\u00bb border_type=\u00bbsimple\u00bb column_border_width=\u00bbnone\u00bb column_border_style=\u00bbsolid\u00bb offset=\u00bbvc_col-xs-12&#8243;][vc_row_inner equal_height=\u00bbyes\u00bb content_placement=\u00bbbottom\u00bb column_margin=\u00bb60px\u00bb column_direction=\u00bbdefault\u00bb column_direction_tablet=\u00bbdefault\u00bb column_direction_phone=\u00bbdefault\u00bb bottom_padding=\u00bb0&#8243; text_align=\u00bbleft\u00bb row_position=\u00bbdefault\u00bb row_position_tablet=\u00bbinherit\u00bb row_position_phone=\u00bbinherit\u00bb overflow=\u00bbvisible\u00bb pointer_events=\u00bball\u00bb min_width=\u00bb47vh\u00bb][vc_column_inner column_padding=\u00bbno-extra-padding\u00bb column_padding_tablet=\u00bbinherit\u00bb column_padding_phone=\u00bbinherit\u00bb column_padding_position=\u00bball\u00bb column_element_spacing=\u00bbdefault\u00bb background_color_opacity=\u00bb1&#8243; background_hover_color_opacity=\u00bb1&#8243; column_shadow=\u00bbnone\u00bb column_border_radius=\u00bbnone\u00bb column_link_target=\u00bb_self\u00bb gradient_direction=\u00bbleft_to_right\u00bb overlay_strength=\u00bb0.3&#8243; width=\u00bb1\/2&#8243; tablet_width_inherit=\u00bbdefault\u00bb animation_type=\u00bbdefault\u00bb enable_animation=\u00bbtrue\u00bb animation=\u00bbfade-in-from-bottom\u00bb bg_image_animation=\u00bbnone\u00bb border_type=\u00bbsimple\u00bb column_border_width=\u00bbnone\u00bb column_border_style=\u00bbsolid\u00bb enable_border_animation=\u00bbtrue\u00bb][vc_column_text css_animation=\u00bbnone\u00bb css=\u00bb.vc_custom_1637918723582{margin-bottom: 20px !important;}\u00bb]\n<h3><strong>La Compa\u00f1\u00eda<\/strong><\/h3>\n[\/vc_column_text][vc_column_text]Constance Hurl\u00e9 es una compa\u00f1\u00eda de artes del movimiento de car\u00e1cter multidisciplinar donde el eje es el di\u00e1logo entre la palabra, el cuerpo y la m\u00fasica.<\/p>\n<p>Surge alrededor de la figura art\u00edstica gallega-asturiana Constance Hurl\u00e9, adicta a la expresividad, en el sentido m\u00e1s amplio del t\u00e9rmino, que comienza a sacar adelante producciones propias en su \u00e9poca universitaria en Santiago de Compostela. Desde el a\u00f1o 2010 le dar\u00e1 una forma esc\u00e9nica a sus creaciones literarias a base de micro piezas, mon\u00f3logos o performances.<\/p>\n<p>Con el paso del tiempo afianza su lenguaje esc\u00e9nico donde tanto la poes\u00eda como la m\u00fasica adquirir\u00e1n cada vez m\u00e1s importancia, convirti\u00e9ndose en marca diferenciadora de esta compa\u00f1\u00eda.[\/vc_column_text][\/vc_column_inner][vc_column_inner column_padding=\u00bbno-extra-padding\u00bb column_padding_tablet=\u00bbinherit\u00bb column_padding_phone=\u00bbinherit\u00bb column_padding_position=\u00bball\u00bb column_element_spacing=\u00bbdefault\u00bb background_color_opacity=\u00bb1&#8243; background_hover_color_opacity=\u00bb1&#8243; column_shadow=\u00bbnone\u00bb column_border_radius=\u00bbnone\u00bb column_link_target=\u00bb_self\u00bb gradient_direction=\u00bbleft_to_right\u00bb overlay_strength=\u00bb0.3&#8243; width=\u00bb1\/2&#8243; tablet_width_inherit=\u00bbdefault\u00bb animation_type=\u00bbdefault\u00bb bg_image_animation=\u00bbnone\u00bb border_type=\u00bbsimple\u00bb column_border_width=\u00bbnone\u00bb column_border_style=\u00bbsolid\u00bb][vc_column_text]Sus piezas caminan en el filo de la performance procurando una identidad genuina, huyendo de las categor\u00edas tradicionales de teatro, danza o poes\u00eda.<\/p>\n<p>Desenvuelve tres l\u00edneas principales de trabajo:<\/p>\n<ul>\n<li>Las performances o piezas de peque\u00f1o formato.<\/li>\n<li>La poes\u00eda en di\u00e1logo con la escena u otras artes.<\/li>\n<li>Piezas de danzateatro contempor\u00e1neo para sala.<\/li>\n<\/ul>\n[\/vc_column_text][\/vc_column_inner][\/vc_row_inner][vc_column_text css_animation=\u00bbnone\u00bb css=\u00bb.vc_custom_1637918736280{margin-top: 80px !important;margin-bottom: 10px !important;}\u00bb]\n<h4 style=\"text-align: left;\"><strong>Las principales obras de la compa\u00f1\u00eda hasta ahora son:<\/strong><\/h4>\n[\/vc_column_text][vc_row_inner equal_height=\u00bbyes\u00bb content_placement=\u00bbmiddle\u00bb column_margin=\u00bb60px\u00bb column_direction=\u00bbdefault\u00bb column_direction_tablet=\u00bbdefault\u00bb column_direction_phone=\u00bbdefault\u00bb top_padding=\u00bb1%\u00bb text_align=\u00bbleft\u00bb row_position=\u00bbdefault\u00bb row_position_tablet=\u00bbinherit\u00bb row_position_phone=\u00bbinherit\u00bb overflow=\u00bbvisible\u00bb pointer_events=\u00bball\u00bb min_width=\u00bb47vh\u00bb css=\u00bb.vc_custom_1637764186410{margin-top: 20px !important;}\u00bb][vc_column_inner column_padding=\u00bbno-extra-padding\u00bb column_padding_tablet=\u00bbinherit\u00bb column_padding_phone=\u00bbinherit\u00bb column_padding_position=\u00bball\u00bb column_element_spacing=\u00bbdefault\u00bb background_color_opacity=\u00bb1&#8243; background_hover_color_opacity=\u00bb1&#8243; column_shadow=\u00bbnone\u00bb column_border_radius=\u00bbnone\u00bb column_link_target=\u00bb_self\u00bb gradient_direction=\u00bbleft_to_right\u00bb overlay_strength=\u00bb0.3&#8243; width=\u00bb1\/3&#8243; tablet_width_inherit=\u00bbdefault\u00bb animation_type=\u00bbdefault\u00bb enable_animation=\u00bbtrue\u00bb animation=\u00bbfade-in-from-bottom\u00bb bg_image_animation=\u00bbnone\u00bb border_type=\u00bbsimple\u00bb column_border_width=\u00bbnone\u00bb column_border_style=\u00bbsolid\u00bb enable_border_animation=\u00bbtrue\u00bb][vc_column_text]\n<h4 align=\"left\"><strong>No derradeiro minuto (micropeza)<\/strong><\/h4>\n<p align=\"left\">Santiago de Compostela (2010)<\/p>\n[\/vc_column_text][\/vc_column_inner][vc_column_inner column_padding=\u00bbno-extra-padding\u00bb column_padding_tablet=\u00bbinherit\u00bb column_padding_phone=\u00bbinherit\u00bb column_padding_position=\u00bball\u00bb column_element_spacing=\u00bbdefault\u00bb background_color_opacity=\u00bb1&#8243; background_hover_color_opacity=\u00bb1&#8243; column_shadow=\u00bbnone\u00bb column_border_radius=\u00bbnone\u00bb column_link_target=\u00bb_self\u00bb gradient_direction=\u00bbleft_to_right\u00bb overlay_strength=\u00bb0.3&#8243; width=\u00bb1\/3&#8243; tablet_width_inherit=\u00bbdefault\u00bb animation_type=\u00bbdefault\u00bb bg_image_animation=\u00bbnone\u00bb border_type=\u00bbsimple\u00bb column_border_width=\u00bbnone\u00bb column_border_style=\u00bbsolid\u00bb][vc_column_text]\n<h4 align=\"left\"><a style=\"color: #000000;\" href=\"https:\/\/constancehurle.com\/es\/portfolio\/nefelococigia\/\"><strong><u>Nefelococigia (teatro universitario)<\/u><\/strong><\/a><\/h4>\n<p align=\"left\">Santiago de Compostela (2012)<\/p>\n[\/vc_column_text][\/vc_column_inner][vc_column_inner column_padding=\u00bbno-extra-padding\u00bb column_padding_tablet=\u00bbinherit\u00bb column_padding_phone=\u00bbinherit\u00bb column_padding_position=\u00bball\u00bb column_element_spacing=\u00bbdefault\u00bb background_color_opacity=\u00bb1&#8243; background_hover_color_opacity=\u00bb1&#8243; column_shadow=\u00bbnone\u00bb column_border_radius=\u00bbnone\u00bb column_link_target=\u00bb_self\u00bb gradient_direction=\u00bbleft_to_right\u00bb overlay_strength=\u00bb0.3&#8243; width=\u00bb1\/3&#8243; tablet_width_inherit=\u00bbdefault\u00bb animation_type=\u00bbdefault\u00bb bg_image_animation=\u00bbnone\u00bb border_type=\u00bbsimple\u00bb column_border_width=\u00bbnone\u00bb column_border_style=\u00bbsolid\u00bb][vc_column_text]\n<h4 align=\"left\"><a style=\"color: #000000;\" href=\"https:\/\/constancehurle.com\/es\/portfolio\/el-dia-despues\/\"><strong><u>El d\u00eda despu\u00e9s (micro teatro)<\/u><\/strong><\/a><\/h4>\n<p align=\"left\">Granada (2014)<\/p>\n[\/vc_column_text][\/vc_column_inner][\/vc_row_inner][vc_row_inner equal_height=\u00bbyes\u00bb content_placement=\u00bbmiddle\u00bb column_margin=\u00bb60px\u00bb column_direction=\u00bbdefault\u00bb column_direction_tablet=\u00bbdefault\u00bb column_direction_phone=\u00bbdefault\u00bb top_padding=\u00bb1%\u00bb text_align=\u00bbleft\u00bb row_position=\u00bbdefault\u00bb row_position_tablet=\u00bbinherit\u00bb row_position_phone=\u00bbinherit\u00bb overflow=\u00bbvisible\u00bb pointer_events=\u00bball\u00bb min_width=\u00bb47vh\u00bb][vc_column_inner column_padding=\u00bbno-extra-padding\u00bb column_padding_tablet=\u00bbinherit\u00bb column_padding_phone=\u00bbinherit\u00bb column_padding_position=\u00bball\u00bb column_element_spacing=\u00bbdefault\u00bb background_color_opacity=\u00bb1&#8243; background_hover_color_opacity=\u00bb1&#8243; column_shadow=\u00bbnone\u00bb column_border_radius=\u00bbnone\u00bb column_link_target=\u00bb_self\u00bb gradient_direction=\u00bbleft_to_right\u00bb overlay_strength=\u00bb0.3&#8243; width=\u00bb1\/3&#8243; tablet_width_inherit=\u00bbdefault\u00bb animation_type=\u00bbdefault\u00bb enable_animation=\u00bbtrue\u00bb animation=\u00bbfade-in-from-bottom\u00bb bg_image_animation=\u00bbnone\u00bb border_type=\u00bbsimple\u00bb column_border_width=\u00bbnone\u00bb column_border_style=\u00bbsolid\u00bb enable_border_animation=\u00bbtrue\u00bb][vc_column_text]\n<h4 align=\"left\"><a style=\"color: #000000;\" href=\"https:\/\/constancehurle.com\/es\/portfolio\/a-maza-de-rosalia\/\"><strong><u>A maz\u00e1 de Rosal\u00eda (concierto po\u00e9tico)<\/u><\/strong><\/a><\/h4>\n<p align=\"left\">Vigo (2016)<\/p>\n[\/vc_column_text][\/vc_column_inner][vc_column_inner column_padding=\u00bbno-extra-padding\u00bb column_padding_tablet=\u00bbinherit\u00bb column_padding_phone=\u00bbinherit\u00bb column_padding_position=\u00bball\u00bb column_element_spacing=\u00bbdefault\u00bb background_color_opacity=\u00bb1&#8243; background_hover_color_opacity=\u00bb1&#8243; column_shadow=\u00bbnone\u00bb column_border_radius=\u00bbnone\u00bb column_link_target=\u00bb_self\u00bb gradient_direction=\u00bbleft_to_right\u00bb overlay_strength=\u00bb0.3&#8243; width=\u00bb1\/3&#8243; tablet_width_inherit=\u00bbdefault\u00bb animation_type=\u00bbdefault\u00bb bg_image_animation=\u00bbnone\u00bb border_type=\u00bbsimple\u00bb column_border_width=\u00bbnone\u00bb column_border_style=\u00bbsolid\u00bb][vc_column_text]\n<h4 align=\"left\"><a style=\"color: #000000;\" href=\"https:\/\/constancehurle.com\/es\/portfolio\/bic-in-progres\/\"><strong><u>\u00abbic in progre[s]\u00bb (concierto po\u00e9tico)<\/u><\/strong><\/a><\/h4>\n<p align=\"left\">Barcelona (2016)<\/p>\n[\/vc_column_text][\/vc_column_inner][vc_column_inner column_padding=\u00bbno-extra-padding\u00bb column_padding_tablet=\u00bbinherit\u00bb column_padding_phone=\u00bbinherit\u00bb column_padding_position=\u00bball\u00bb column_element_spacing=\u00bbdefault\u00bb background_color_opacity=\u00bb1&#8243; background_hover_color_opacity=\u00bb1&#8243; column_shadow=\u00bbnone\u00bb column_border_radius=\u00bbnone\u00bb column_link_target=\u00bb_self\u00bb gradient_direction=\u00bbleft_to_right\u00bb overlay_strength=\u00bb0.3&#8243; width=\u00bb1\/3&#8243; tablet_width_inherit=\u00bbdefault\u00bb animation_type=\u00bbdefault\u00bb bg_image_animation=\u00bbnone\u00bb border_type=\u00bbsimple\u00bb column_border_width=\u00bbnone\u00bb column_border_style=\u00bbsolid\u00bb][vc_column_text]\n<h4 align=\"left\"><a style=\"color: #000000;\" href=\"https:\/\/constancehurle.com\/es\/portfolio\/poesia-performativa\/\"><strong><u>Poes\u00eda performativa (performance)<\/u><\/strong><\/a><\/h4>\n<p align=\"left\">Vigo (2017)<\/p>\n[\/vc_column_text][\/vc_column_inner][\/vc_row_inner][vc_row_inner equal_height=\u00bbyes\u00bb content_placement=\u00bbmiddle\u00bb column_margin=\u00bb60px\u00bb column_direction=\u00bbdefault\u00bb column_direction_tablet=\u00bbdefault\u00bb column_direction_phone=\u00bbdefault\u00bb top_padding=\u00bb1%\u00bb text_align=\u00bbleft\u00bb row_position=\u00bbdefault\u00bb row_position_tablet=\u00bbinherit\u00bb row_position_phone=\u00bbinherit\u00bb overflow=\u00bbvisible\u00bb pointer_events=\u00bball\u00bb min_width=\u00bb47vh\u00bb][vc_column_inner column_padding=\u00bbno-extra-padding\u00bb column_padding_tablet=\u00bbinherit\u00bb column_padding_phone=\u00bbinherit\u00bb column_padding_position=\u00bball\u00bb column_element_spacing=\u00bbdefault\u00bb background_color_opacity=\u00bb1&#8243; background_hover_color_opacity=\u00bb1&#8243; column_shadow=\u00bbnone\u00bb column_border_radius=\u00bbnone\u00bb column_link_target=\u00bb_self\u00bb gradient_direction=\u00bbleft_to_right\u00bb overlay_strength=\u00bb0.3&#8243; width=\u00bb1\/3&#8243; tablet_width_inherit=\u00bbdefault\u00bb animation_type=\u00bbdefault\u00bb enable_animation=\u00bbtrue\u00bb animation=\u00bbfade-in-from-bottom\u00bb bg_image_animation=\u00bbnone\u00bb border_type=\u00bbsimple\u00bb column_border_width=\u00bbnone\u00bb column_border_style=\u00bbsolid\u00bb enable_border_animation=\u00bbtrue\u00bb][vc_column_text]\n<h4 align=\"left\"><a style=\"color: #000000;\" href=\"https:\/\/constancehurle.com\/es\/portfolio\/hacialaluz\/\"><strong><u>Hacialaluz (concierto po\u00e9tico)<\/u><\/strong><\/a><\/h4>\n<p align=\"left\">Vigo (2019)<\/p>\n[\/vc_column_text][\/vc_column_inner][vc_column_inner column_padding=\u00bbno-extra-padding\u00bb column_padding_tablet=\u00bbinherit\u00bb column_padding_phone=\u00bbinherit\u00bb column_padding_position=\u00bball\u00bb column_element_spacing=\u00bbdefault\u00bb background_color_opacity=\u00bb1&#8243; background_hover_color_opacity=\u00bb1&#8243; column_shadow=\u00bbnone\u00bb column_border_radius=\u00bbnone\u00bb column_link_target=\u00bb_self\u00bb gradient_direction=\u00bbleft_to_right\u00bb overlay_strength=\u00bb0.3&#8243; width=\u00bb1\/3&#8243; tablet_width_inherit=\u00bbdefault\u00bb animation_type=\u00bbdefault\u00bb bg_image_animation=\u00bbnone\u00bb border_type=\u00bbsimple\u00bb column_border_width=\u00bbnone\u00bb column_border_style=\u00bbsolid\u00bb][vc_column_text]\n<h4 align=\"left\"><a style=\"color: #000000;\" href=\"https:\/\/constancehurle.com\/es\/portfolio\/monologo-para-corpo-en-movemento\/\"><strong><u>Mon\u00f3logo para corpo en movemento (micro teatro-danza)<\/u><\/strong><\/a><\/h4>\n<p align=\"left\">Carballo (2020)<\/p>\n[\/vc_column_text][\/vc_column_inner][vc_column_inner column_padding=\u00bbno-extra-padding\u00bb column_padding_tablet=\u00bbinherit\u00bb column_padding_phone=\u00bbinherit\u00bb column_padding_position=\u00bball\u00bb column_element_spacing=\u00bbdefault\u00bb background_color_opacity=\u00bb1&#8243; background_hover_color_opacity=\u00bb1&#8243; column_shadow=\u00bbnone\u00bb column_border_radius=\u00bbnone\u00bb column_link_target=\u00bb_self\u00bb gradient_direction=\u00bbleft_to_right\u00bb overlay_strength=\u00bb0.3&#8243; width=\u00bb1\/3&#8243; tablet_width_inherit=\u00bbdefault\u00bb animation_type=\u00bbdefault\u00bb bg_image_animation=\u00bbnone\u00bb border_type=\u00bbsimple\u00bb column_border_width=\u00bbnone\u00bb column_border_style=\u00bbsolid\u00bb][vc_column_text]\n<h4 align=\"left\"><a style=\"color: #000000;\" href=\"https:\/\/constancehurle.com\/es\/portfolio\/visceras-poeticas\/\"><strong><u>V\u00edsceras Po\u00e9ticas (performance)<\/u><\/strong><\/a><\/h4>\n<p align=\"left\">Mand\u00edn, 2022<\/p>\n[\/vc_column_text][\/vc_column_inner][\/vc_row_inner][vc_row_inner equal_height=\u00bbyes\u00bb content_placement=\u00bbmiddle\u00bb column_margin=\u00bb60px\u00bb column_direction=\u00bbdefault\u00bb column_direction_tablet=\u00bbdefault\u00bb column_direction_phone=\u00bbdefault\u00bb top_padding=\u00bb1%\u00bb text_align=\u00bbleft\u00bb row_position=\u00bbdefault\u00bb row_position_tablet=\u00bbinherit\u00bb row_position_phone=\u00bbinherit\u00bb overflow=\u00bbvisible\u00bb pointer_events=\u00bball\u00bb min_width=\u00bb47vh\u00bb][vc_column_inner column_padding=\u00bbno-extra-padding\u00bb column_padding_tablet=\u00bbinherit\u00bb column_padding_phone=\u00bbinherit\u00bb column_padding_position=\u00bball\u00bb column_element_spacing=\u00bbdefault\u00bb background_color_opacity=\u00bb1&#8243; background_hover_color_opacity=\u00bb1&#8243; column_shadow=\u00bbnone\u00bb column_border_radius=\u00bbnone\u00bb column_link_target=\u00bb_self\u00bb gradient_direction=\u00bbleft_to_right\u00bb overlay_strength=\u00bb0.3&#8243; width=\u00bb1\/3&#8243; tablet_width_inherit=\u00bbdefault\u00bb animation_type=\u00bbdefault\u00bb enable_animation=\u00bbtrue\u00bb animation=\u00bbfade-in-from-bottom\u00bb bg_image_animation=\u00bbnone\u00bb border_type=\u00bbsimple\u00bb column_border_width=\u00bbnone\u00bb column_border_style=\u00bbsolid\u00bb enable_border_animation=\u00bbtrue\u00bb][vc_column_text]\n<h4 align=\"left\"><a style=\"color: #000000;\" href=\"https:\/\/constancehurle.com\/es\/portfolio\/lara-hierro\/\"><strong><u>Lara Hierro (teatro-danza contempor\u00e1neo)<\/u><\/strong><\/a><\/h4>\n<p align=\"left\">Rianxo, Galicia (2022)<\/p>\n[\/vc_column_text][\/vc_column_inner][vc_column_inner column_padding=\u00bbno-extra-padding\u00bb column_padding_tablet=\u00bbinherit\u00bb column_padding_phone=\u00bbinherit\u00bb column_padding_position=\u00bball\u00bb column_element_spacing=\u00bbdefault\u00bb background_color_opacity=\u00bb1&#8243; background_hover_color_opacity=\u00bb1&#8243; column_shadow=\u00bbnone\u00bb column_border_radius=\u00bbnone\u00bb column_link_target=\u00bb_self\u00bb gradient_direction=\u00bbleft_to_right\u00bb overlay_strength=\u00bb0.3&#8243; width=\u00bb1\/3&#8243; tablet_width_inherit=\u00bbdefault\u00bb animation_type=\u00bbdefault\u00bb bg_image_animation=\u00bbnone\u00bb border_type=\u00bbsimple\u00bb column_border_width=\u00bbnone\u00bb column_border_style=\u00bbsolid\u00bb][vc_column_text]\n<h4 align=\"left\"><a style=\"color: #000000;\" href=\"https:\/\/constancehurle.com\/es\/portfolio\/volatil\/\"><strong><u>Vol\u00e1til (poetic performance)<\/u><\/strong><\/a><\/h4>\n<p align=\"left\">Cari\u00f1o, 2022<\/p>\n[\/vc_column_text][\/vc_column_inner][vc_column_inner column_padding=\u00bbno-extra-padding\u00bb column_padding_tablet=\u00bbinherit\u00bb column_padding_phone=\u00bbinherit\u00bb column_padding_position=\u00bball\u00bb column_element_spacing=\u00bbdefault\u00bb background_color_opacity=\u00bb1&#8243; background_hover_color_opacity=\u00bb1&#8243; column_shadow=\u00bbnone\u00bb column_border_radius=\u00bbnone\u00bb column_link_target=\u00bb_self\u00bb gradient_direction=\u00bbleft_to_right\u00bb overlay_strength=\u00bb0.3&#8243; width=\u00bb1\/3&#8243; tablet_width_inherit=\u00bbdefault\u00bb animation_type=\u00bbdefault\u00bb bg_image_animation=\u00bbnone\u00bb border_type=\u00bbsimple\u00bb column_border_width=\u00bbnone\u00bb column_border_style=\u00bbsolid\u00bb][vc_column_text]\n<h4 align=\"left\"><a style=\"color: #000000;\" href=\"https:\/\/constancehurle.com\/es\/portfolio\/penelope-destecendo-o-vinculo\/\"><strong><u>Pen\u00e9lope: destecendo o v\u00ednculo (danzateatro contempor\u00e1neo)<\/u><\/strong><\/a><\/h4>\n<p align=\"left\">Sala \u00c1rtika, Vigo (2024)<\/p>\n[\/vc_column_text][\/vc_column_inner][\/vc_row_inner][vc_row_inner equal_height=\u00bbyes\u00bb content_placement=\u00bbmiddle\u00bb column_margin=\u00bb60px\u00bb column_direction=\u00bbdefault\u00bb column_direction_tablet=\u00bbdefault\u00bb column_direction_phone=\u00bbdefault\u00bb top_padding=\u00bb1%\u00bb text_align=\u00bbleft\u00bb row_position=\u00bbdefault\u00bb row_position_tablet=\u00bbinherit\u00bb row_position_phone=\u00bbinherit\u00bb overflow=\u00bbvisible\u00bb pointer_events=\u00bball\u00bb min_width=\u00bb47vh\u00bb][vc_column_inner column_padding=\u00bbno-extra-padding\u00bb column_padding_tablet=\u00bbinherit\u00bb column_padding_phone=\u00bbinherit\u00bb column_padding_position=\u00bball\u00bb column_element_spacing=\u00bbdefault\u00bb background_color_opacity=\u00bb1&#8243; background_hover_color_opacity=\u00bb1&#8243; column_shadow=\u00bbnone\u00bb column_border_radius=\u00bbnone\u00bb column_link_target=\u00bb_self\u00bb gradient_direction=\u00bbleft_to_right\u00bb overlay_strength=\u00bb0.3&#8243; width=\u00bb1\/3&#8243; tablet_width_inherit=\u00bbdefault\u00bb animation_type=\u00bbdefault\u00bb bg_image_animation=\u00bbnone\u00bb border_type=\u00bbsimple\u00bb column_border_width=\u00bbnone\u00bb column_border_style=\u00bbsolid\u00bb][vc_column_text]\n<h4 align=\"left\"><a style=\"color: #000000;\" href=\"https:\/\/constancehurle.com\/es\/portfolio\/el-ritual\/\"><strong><u>O Ritual (performance) <\/u><\/strong><\/a><\/h4>\n<p align=\"left\">Carral, Galicia (2025)<\/p>\n[\/vc_column_text][\/vc_column_inner][vc_column_inner column_padding=\u00bbno-extra-padding\u00bb column_padding_tablet=\u00bbinherit\u00bb column_padding_phone=\u00bbinherit\u00bb column_padding_position=\u00bball\u00bb column_element_spacing=\u00bbdefault\u00bb background_color_opacity=\u00bb1&#8243; background_hover_color_opacity=\u00bb1&#8243; column_shadow=\u00bbnone\u00bb column_border_radius=\u00bbnone\u00bb column_link_target=\u00bb_self\u00bb gradient_direction=\u00bbleft_to_right\u00bb overlay_strength=\u00bb0.3&#8243; width=\u00bb1\/3&#8243; tablet_width_inherit=\u00bbdefault\u00bb animation_type=\u00bbdefault\u00bb bg_image_animation=\u00bbnone\u00bb border_type=\u00bbsimple\u00bb column_border_width=\u00bbnone\u00bb column_border_style=\u00bbsolid\u00bb][vc_column_text]\n<h4 align=\"left\"><a style=\"color: #000000;\" href=\"https:\/\/constancehurle.com\/es\/portfolio\/mina-pequena\/\"><strong><u>Mi\u00f1a pequena (microteatro) <\/u><\/strong><\/a><\/h4>\n<p align=\"left\">MARCO, Vigo (2025)<\/p>\n[\/vc_column_text][vc_column_text]\n<h4 align=\"left\"><a style=\"color: #000000;\" href=\"https:\/\/constancehurle.com\/es\/portfolio\/mina-pequena\/\"><strong><u>Mi\u00f1a pequena (microteatro) <\/u><\/strong><\/a><\/h4>\n<p align=\"left\">MARCO, Vigo (2025)<\/p>\n[\/vc_column_text][\/vc_column_inner][vc_column_inner column_padding=\u00bbno-extra-padding\u00bb column_padding_tablet=\u00bbinherit\u00bb column_padding_phone=\u00bbinherit\u00bb column_padding_position=\u00bball\u00bb column_element_spacing=\u00bbdefault\u00bb background_color_opacity=\u00bb1&#8243; background_hover_color_opacity=\u00bb1&#8243; column_shadow=\u00bbnone\u00bb column_border_radius=\u00bbnone\u00bb column_link_target=\u00bb_self\u00bb gradient_direction=\u00bbleft_to_right\u00bb overlay_strength=\u00bb0.3&#8243; width=\u00bb1\/3&#8243; tablet_width_inherit=\u00bbdefault\u00bb animation_type=\u00bbdefault\u00bb enable_animation=\u00bbtrue\u00bb animation=\u00bbfade-in-from-bottom\u00bb bg_image_animation=\u00bbnone\u00bb border_type=\u00bbsimple\u00bb column_border_width=\u00bbnone\u00bb column_border_style=\u00bbsolid\u00bb enable_border_animation=\u00bbtrue\u00bb][\/vc_column_inner][\/vc_row_inner][\/vc_column][\/vc_row][vc_row type=\u00bbfull_width_background\u00bb full_screen_row_position=\u00bbmiddle\u00bb column_margin=\u00bb40px\u00bb equal_height=\u00bbyes\u00bb content_placement=\u00bbmiddle\u00bb column_direction=\u00bbdefault\u00bb column_direction_tablet=\u00bbdefault\u00bb column_direction_phone=\u00bbdefault\u00bb bg_image=\u00bb6408&#8243; bg_position=\u00bbright center\u00bb background_image_loading=\u00bbdefault\u00bb bg_repeat=\u00bbno-repeat\u00bb scene_position=\u00bbcenter\u00bb top_padding=\u00bb5%\u00bb bottom_padding=\u00bb5%\u00bb top_padding_tablet=\u00bb8%\u00bb bottom_padding_tablet=\u00bb8%\u00bb text_color=\u00bbdark\u00bb text_align=\u00bbleft\u00bb row_border_radius=\u00bbnone\u00bb row_border_radius_applies=\u00bbbg\u00bb overflow=\u00bbvisible\u00bb id=\u00bbhome\u00bb overlay_strength=\u00bb0.5&#8243; gradient_direction=\u00bbtop_to_bottom\u00bb shape_divider_position=\u00bbbottom\u00bb bg_image_animation=\u00bbnone\u00bb shape_type=\u00bbstraight_section\u00bb][vc_column column_padding=\u00bbno-extra-padding\u00bb column_padding_tablet=\u00bbinherit\u00bb column_padding_phone=\u00bbinherit\u00bb column_padding_position=\u00bball\u00bb top_margin=\u00bb0&#8243; constrain_group_1=\u00bbyes\u00bb bottom_margin=\u00bb0&#8243; left_margin_tablet=\u00bbauto\u00bb right_margin_tablet=\u00bbauto\u00bb left_margin_phone=\u00bbauto\u00bb right_margin_phone=\u00bbauto\u00bb column_element_spacing=\u00bbdefault\u00bb background_color_opacity=\u00bb1&#8243; background_hover_color_opacity=\u00bb1&#8243; column_shadow=\u00bbnone\u00bb column_border_radius=\u00bbnone\u00bb column_link_target=\u00bb_self\u00bb column_position=\u00bbdefault\u00bb max_width_tablet=\u00bb600&#8243; max_width_phone=\u00bb420px\u00bb gradient_direction=\u00bbleft_to_right\u00bb overlay_strength=\u00bb0.5&#8243; width=\u00bb1\/1&#8243; tablet_width_inherit=\u00bbdefault\u00bb tablet_text_alignment=\u00bbdefault\u00bb phone_text_alignment=\u00bbdefault\u00bb animation_type=\u00bbdefault\u00bb bg_image_animation=\u00bbnone\u00bb border_type=\u00bbsimple\u00bb column_border_width=\u00bbnone\u00bb column_border_style=\u00bbsolid\u00bb offset=\u00bbvc_col-xs-12&#8243;][vc_column_text css_animation=\u00bbnone\u00bb css=\u00bb.vc_custom_1661772785393{margin-bottom: 20px !important;}\u00bb el_class=\u00bbtextoblanco\u00bb]\n<h3><em>Constance Hurl\u00e9<\/em><\/h3>\n[\/vc_column_text][vc_row_inner equal_height=\u00bbyes\u00bb content_placement=\u00bbbottom\u00bb column_margin=\u00bb60px\u00bb column_direction=\u00bbdefault\u00bb column_direction_tablet=\u00bbdefault\u00bb column_direction_phone=\u00bbdefault\u00bb bottom_padding=\u00bb0&#8243; text_align=\u00bbleft\u00bb row_position=\u00bbdefault\u00bb row_position_tablet=\u00bbinherit\u00bb row_position_phone=\u00bbinherit\u00bb overflow=\u00bbvisible\u00bb pointer_events=\u00bball\u00bb min_width=\u00bb47vh\u00bb][vc_column_inner column_padding=\u00bbno-extra-padding\u00bb column_padding_tablet=\u00bbinherit\u00bb column_padding_phone=\u00bbinherit\u00bb column_padding_position=\u00bball\u00bb column_element_spacing=\u00bbdefault\u00bb background_color_opacity=\u00bb1&#8243; background_hover_color_opacity=\u00bb1&#8243; column_shadow=\u00bbnone\u00bb column_border_radius=\u00bbnone\u00bb column_link_target=\u00bb_self\u00bb gradient_direction=\u00bbleft_to_right\u00bb overlay_strength=\u00bb0.3&#8243; width=\u00bb1\/2&#8243; tablet_width_inherit=\u00bbdefault\u00bb animation_type=\u00bbdefault\u00bb enable_animation=\u00bbtrue\u00bb animation=\u00bbfade-in-from-bottom\u00bb bg_image_animation=\u00bbnone\u00bb border_type=\u00bbsimple\u00bb column_border_width=\u00bbnone\u00bb column_border_style=\u00bbsolid\u00bb enable_border_animation=\u00bbtrue\u00bb][vc_column_text el_class=\u00bbtextofino\u00bb]<span style=\"font-weight: 400;\">Creadora contempor\u00e1nea, queer, neurodivergente, gallega, asturiana, perif\u00e9rica. <\/span><\/p>\n<p><span style=\"font-weight: 400;\">Directora de <\/span><i><span style=\"font-weight: 400;\">Constance Hurl\u00e9<\/span><\/i><span style=\"font-weight: 400;\"> e <\/span><i><span style=\"font-weight: 400;\">Hurl\u00e9 prods<\/span><\/i><span style=\"font-weight: 400;\">. <\/span>Licenciada en filolog\u00eda cl\u00e1sica por la Universidad de Santiago de Compostela y titulada en el <strong>M\u00e1ster en Investigaci\u00f3n en Estudos do Teatro<\/strong> por la Universidad Aut\u00f3noma de Barcelona.<\/p>\n<p align=\"left\">En el plano te\u00f3rico particip\u00f3 y asisti\u00f3 a congresos de artes esc\u00e9nicas de forma activa y form\u00f3 parte del Congreso Internacional para J\u00f3venes Investigadores de Estudios del Teatro, en el a\u00f1o 2018. Tiene una l\u00ednea de investigaci\u00f3n te\u00f3rico-pr\u00e1ctica que parte de la premisa del teatro danza como herramienta para el autoconocimiento.<\/p>\n<p align=\"left\">Comienza desde muy peque\u00f1a haciendo teatro y pasar\u00e1 a lo largo de su vida por diferentes disciplinas y escuelas de artes esc\u00e9nicas y danza, destacando la <em>Escuela Integral del Creador Esc\u00e9nico Vladimir Tzekov<\/em> en Granada y <em>A Art\u00edstica<\/em> Vigo con Olga Cameselle. Se form\u00f3 de forma alternativa y asisti\u00f3 a diversos festivales de danza como el <em>Herdanza<\/em> en Santiago de Compostela (2017), o talleres monogr\u00e1ficos con personas tales como Janusz Subicz en Barcelona (2016). Particip\u00f3 en la escenificaci\u00f3n de la pieza <em><strong>Dancers<\/strong><\/em>de Sonia G\u00f3mez, en el <em>Festival Corpo a Terra<\/em> en Ourense (2017), tras asistir a las aulas de danza del festival. Est\u00e1 constantemente form\u00e1ndose en disciplinas del movimiento.<\/p>\n<p align=\"left\">Colabor\u00f3 como bailarina en el videoclip <em><strong>Palmira<\/strong><\/em> de Fixe tr\u00edo (2023), <em><strong>Charleston<\/strong><\/em>de los Alley Stompers (2016) as\u00ed como protragonista en el videoclip del \u201csingle\u201d <em><strong>Doce Badaladas<\/strong><\/em>, del grupo Al\u00eam (2021), adem\u00e1s de su participaci\u00f3n como modelo en la muestra de fotograf\u00eda <em><strong>What do you<\/strong><\/em> <strong><em>see? <\/em><\/strong>de Erdie J.(2015).<\/p>\n<p align=\"left\">En el plano sociopol\u00edtico, se manifiesta a trav\u00e9s del arte colaborando con diversos proyectos, entre los que destaca su paso por el grupo de acci\u00f3n <em>As ghatas salvaxes<\/em> y el <em>Colectivo Espazo Corpo<\/em>.<\/p>\n<p align=\"left\">Se inicia en el microteatro con una micro pieza llamada<em><strong>No derradeiro minuto<\/strong><\/em> (Santiago de Compostela, 2010) a la que seguir\u00e1 el mon\u00f3logo dram\u00e1tico <em><strong>El d\u00eda despu\u00e9s<\/strong><\/em>(Granada, 2014). En el a\u00f1o 2012, recibe una ayuda de la USC para la produci\u00f3n de <em><strong>Nefelococigia: a cidade das nubes e dos cucos<\/strong><\/em> (Santiago, 2012) dentro del marco del teatro universitario.<\/p>\n<p align=\"left\">Su primer proyecto po\u00e9tico musical es <em><strong>A maz\u00e1 de Rosal\u00eda<\/strong><\/em> (Vigo, 2016) con el guitarrista David J\u00e1come. Trabaj\u00f3 con Rui Grenha en los dos conciertos po\u00e9ticos bic in progre[s] (Barcelona, 2017), en los cuales colabor\u00f3 el contrabajista Alexandre Touceda, y hacialaluz (Vigo, 2019), con la publicaci\u00f3n de sendos poemarios y la grabaci\u00f3n de un disco en el que cont\u00f3 con la colaboraci\u00f3n de Rub\u00e9n Fern\u00e1ndez (voz), Ricardo D\u00edaz (contrabajo), Javier Pereiro \u201cGdjazz\u201d (trompeta) y Xis Tr\u00edo.<\/p>\n[\/vc_column_text][\/vc_column_inner][vc_column_inner column_padding=\u00bbno-extra-padding\u00bb column_padding_tablet=\u00bbinherit\u00bb column_padding_phone=\u00bbinherit\u00bb column_padding_position=\u00bball\u00bb column_element_spacing=\u00bbdefault\u00bb background_color_opacity=\u00bb1&#8243; background_hover_color_opacity=\u00bb1&#8243; column_shadow=\u00bbnone\u00bb column_border_radius=\u00bbnone\u00bb column_link_target=\u00bb_self\u00bb gradient_direction=\u00bbleft_to_right\u00bb overlay_strength=\u00bb0.3&#8243; width=\u00bb1\/2&#8243; tablet_width_inherit=\u00bbdefault\u00bb animation_type=\u00bbdefault\u00bb bg_image_animation=\u00bbnone\u00bb border_type=\u00bbsimple\u00bb column_border_width=\u00bbnone\u00bb column_border_style=\u00bbsolid\u00bb][vc_column_text el_class=\u00bbtextofino\u00bb]\n<p align=\"left\">Hace literatura como medio de expresi\u00f3n de las emociones y cr\u00edtica social. Conjuga poes\u00eda y escena navegando por los g\u00e9neros h\u00edbridos, con performances como <em><strong>Poes\u00eda performativa<\/strong><\/em> (Vigo, 2017), <em><strong>V\u00edsceras Po\u00e9ticas<\/strong><\/em> (Mand\u00edn, 2021) o <em><strong>Vol\u00e1til<\/strong><\/em>(Cari\u00f1o, 2022). Est\u00e1 trabajando en una nueva pieza de formato micro con videocreaci\u00f3n, <strong><em>Mi\u00f1a pequena<\/em><\/strong>, seleccionada para el V Festival Pezas dun Teatro do Porvir (2022), que lleva a escena el microrrelato <strong><em>Manaus<\/em><\/strong>.<\/p>\n<p align=\"left\">Recientemente fu\u00e9 <strong>premiada<\/strong> con la pieza de microteatro danza <em><strong>Mon\u00f3logo para corpo en movemento<\/strong><\/em>en el Festival FIOT (Carballo, 2020), por su microrrelato <em><strong>Manaus<\/strong><\/em>en el concurso de relatos contra la violencia de g\u00e9nero (Ribadavia, 2020) y por su poema caligr\u00e1fico <em><strong>Bromio<\/strong><\/em> en el I certame de Caligramas Constanza de Castro (Cospeito, 2021). En julio de 2023 publica su primera novela: Sem grana e sem frescura (2023, ed. Morgante), que fue escrita en su mayor parte al amparo de las residencias literarias de Zona C 2022 organizadas por el Auditorio de Galicia del Ayuntamiento de Compostela. Autora de los poemarios <em><strong>b\/i\/c\/m.o.r.d.i.d.o<\/strong><\/em> (2017, Ed. Carena) y <em><strong>Hacia la luz: poes\u00eda, sonido, imagen<\/strong><\/em>(2019, Ed. La F\u00e1brica de libros), y <em><strong>DSM o Disfraz de tigre<\/strong><\/em> (2022, Ed. La F\u00e1brica de libros), adem\u00e1s de un fanzine autoeditado llamado <em><strong>Un fanzine po\u00e9tico<\/strong><\/em>. En estos momentos est\u00e1 escribiendo la segunda novela y tiene dos poemarios in\u00e9ditos, Donde no soy y A terra que habito.<\/p>\n<p align=\"left\">Particip\u00f3 en festivales de poes\u00eda como el <em>Keruac<\/em> (2018) o el <em>Festival Nun Local<\/em> (2018) con intervenciones po\u00e9ticas, adem\u00e1s de diversos eventos como slams, recitales, jams de improvisaci\u00f3n vocal, etc. Form\u00f3 parte del proyecto <em>Sinerxias: Performance colectiva de improvisaci\u00f3n art\u00edstica<\/em>.<\/p>\n<p align=\"left\">Fu\u00e9 subvencionada pol la AGADIC en el a\u00f1o 2021 para la produci\u00f3n de la obra de teatro contempor\u00e1neo<em><strong> Lara Hierro<\/strong><\/em> (Rianxo, 2022), de la que es autora, directora, productora e int\u00e9rprete. En 2023 recibe una nueva ayuda de AGADIC para su pieza de teatro-danza: Pen\u00e9lope: desteciendo el v\u00ednculo (Artika, 2024).<\/p>\n<p align=\"left\">A finales de 2025 estrenar\u00e1 su pieza de peque\u00f1o formato de danza-teatro Mi\u00f1a pequena, una reflexi\u00f3n sobre la violencia de g\u00e9nero en el entorno de la pareja.<\/p>\n[\/vc_column_text][vc_column_text css=\u00bb.vc_custom_1772544746148{margin-top: 30px !important;}\u00bb]\n<p style=\"text-align: left;\"><span style=\"color: #ffffff;\"><a style=\"color: #ffffff;\" href=\"https:\/\/constancehurle.com\/wp-content\/uploads\/2026\/03\/26_GAL-CV-artistico-CON-LINKS.pdf\" target=\"_blank\" rel=\"noopener\"><u>DESCARGAR CV ART\u00cdSTICO<\/u><\/a><\/span><\/p>\n[\/vc_column_text][\/vc_column_inner][\/vc_row_inner][\/vc_column][\/vc_row][vc_row type=\u00bbfull_width_background\u00bb full_screen_row_position=\u00bbmiddle\u00bb column_margin=\u00bb40px\u00bb equal_height=\u00bbyes\u00bb content_placement=\u00bbmiddle\u00bb column_direction=\u00bbdefault\u00bb column_direction_tablet=\u00bbdefault\u00bb column_direction_phone=\u00bbdefault\u00bb bg_color=\u00bb#d8d8d8&#8243; scene_position=\u00bbcenter\u00bb top_padding=\u00bb4%\u00bb bottom_padding=\u00bb4%\u00bb top_padding_tablet=\u00bb8%\u00bb bottom_padding_tablet=\u00bb8%\u00bb text_color=\u00bbdark\u00bb text_align=\u00bbleft\u00bb row_border_radius=\u00bbnone\u00bb row_border_radius_applies=\u00bbbg\u00bb overflow=\u00bbvisible\u00bb id=\u00bbhome\u00bb overlay_strength=\u00bb0.5&#8243; gradient_direction=\u00bbtop_to_bottom\u00bb shape_divider_position=\u00bbbottom\u00bb bg_image_animation=\u00bbnone\u00bb shape_type=\u00bbstraight_section\u00bb][vc_column column_padding=\u00bbno-extra-padding\u00bb column_padding_tablet=\u00bbinherit\u00bb column_padding_phone=\u00bbinherit\u00bb column_padding_position=\u00bball\u00bb top_margin=\u00bb0&#8243; constrain_group_1=\u00bbyes\u00bb bottom_margin=\u00bb0&#8243; left_margin_tablet=\u00bbauto\u00bb right_margin_tablet=\u00bbauto\u00bb left_margin_phone=\u00bbauto\u00bb right_margin_phone=\u00bbauto\u00bb column_element_spacing=\u00bbdefault\u00bb background_color_opacity=\u00bb1&#8243; background_hover_color_opacity=\u00bb1&#8243; column_shadow=\u00bbnone\u00bb column_border_radius=\u00bbnone\u00bb column_link_target=\u00bb_self\u00bb column_position=\u00bbdefault\u00bb max_width_tablet=\u00bb600&#8243; max_width_phone=\u00bb420px\u00bb gradient_direction=\u00bbleft_to_right\u00bb overlay_strength=\u00bb0.5&#8243; width=\u00bb1\/1&#8243; tablet_width_inherit=\u00bbdefault\u00bb tablet_text_alignment=\u00bbdefault\u00bb phone_text_alignment=\u00bbdefault\u00bb animation_type=\u00bbdefault\u00bb bg_image_animation=\u00bbnone\u00bb border_type=\u00bbsimple\u00bb column_border_width=\u00bbnone\u00bb column_border_style=\u00bbsolid\u00bb offset=\u00bbvc_col-xs-12&#8243;][vc_row_inner equal_height=\u00bbyes\u00bb content_placement=\u00bbbottom\u00bb column_margin=\u00bb60px\u00bb column_direction=\u00bbdefault\u00bb column_direction_tablet=\u00bbdefault\u00bb column_direction_phone=\u00bbdefault\u00bb bottom_padding=\u00bb0&#8243; text_align=\u00bbleft\u00bb row_position=\u00bbdefault\u00bb row_position_tablet=\u00bbinherit\u00bb row_position_phone=\u00bbinherit\u00bb overflow=\u00bbvisible\u00bb pointer_events=\u00bball\u00bb min_width=\u00bb47vh\u00bb][vc_column_inner column_padding=\u00bbno-extra-padding\u00bb column_padding_tablet=\u00bbinherit\u00bb column_padding_phone=\u00bbinherit\u00bb column_padding_position=\u00bball\u00bb column_element_spacing=\u00bbdefault\u00bb background_color_opacity=\u00bb1&#8243; background_hover_color_opacity=\u00bb1&#8243; column_shadow=\u00bbnone\u00bb column_border_radius=\u00bbnone\u00bb column_link_target=\u00bb_self\u00bb gradient_direction=\u00bbleft_to_right\u00bb overlay_strength=\u00bb0.3&#8243; width=\u00bb1\/2&#8243; tablet_width_inherit=\u00bbdefault\u00bb animation_type=\u00bbdefault\u00bb enable_animation=\u00bbtrue\u00bb animation=\u00bbfade-in-from-bottom\u00bb bg_image_animation=\u00bbnone\u00bb border_type=\u00bbsimple\u00bb column_border_width=\u00bbnone\u00bb column_border_style=\u00bbsolid\u00bb enable_border_animation=\u00bbtrue\u00bb][vc_column_text css_animation=\u00bbnone\u00bb css=\u00bb.vc_custom_1651226928821{margin-bottom: 20px !important;}\u00bb]\n<h3><strong>Prensa<\/strong><\/h3>\n[\/vc_column_text][\/vc_column_inner][vc_column_inner column_padding=\u00bbno-extra-padding\u00bb column_padding_tablet=\u00bbinherit\u00bb column_padding_phone=\u00bbinherit\u00bb column_padding_position=\u00bball\u00bb column_element_spacing=\u00bbdefault\u00bb background_color_opacity=\u00bb1&#8243; background_hover_color_opacity=\u00bb1&#8243; column_shadow=\u00bbnone\u00bb column_border_radius=\u00bbnone\u00bb column_link_target=\u00bb_self\u00bb gradient_direction=\u00bbleft_to_right\u00bb overlay_strength=\u00bb0.3&#8243; width=\u00bb1\/2&#8243; tablet_width_inherit=\u00bbdefault\u00bb animation_type=\u00bbdefault\u00bb bg_image_animation=\u00bbnone\u00bb border_type=\u00bbsimple\u00bb column_border_width=\u00bbnone\u00bb column_border_style=\u00bbsolid\u00bb][\/vc_column_inner][\/vc_row_inner][vc_row_inner equal_height=\u00bbyes\u00bb content_placement=\u00bbmiddle\u00bb column_margin=\u00bb60px\u00bb column_direction=\u00bbdefault\u00bb column_direction_tablet=\u00bbdefault\u00bb column_direction_phone=\u00bbdefault\u00bb top_padding=\u00bb1%\u00bb text_align=\u00bbleft\u00bb row_position=\u00bbdefault\u00bb row_position_tablet=\u00bbinherit\u00bb row_position_phone=\u00bbinherit\u00bb overflow=\u00bbvisible\u00bb pointer_events=\u00bball\u00bb min_width=\u00bb47vh\u00bb][vc_column_inner column_padding=\u00bbno-extra-padding\u00bb column_padding_tablet=\u00bbinherit\u00bb column_padding_phone=\u00bbinherit\u00bb column_padding_position=\u00bball\u00bb column_element_spacing=\u00bbdefault\u00bb background_color_opacity=\u00bb1&#8243; background_hover_color_opacity=\u00bb1&#8243; column_shadow=\u00bbnone\u00bb column_border_radius=\u00bbnone\u00bb column_link_target=\u00bb_self\u00bb gradient_direction=\u00bbleft_to_right\u00bb overlay_strength=\u00bb0.3&#8243; width=\u00bb1\/3&#8243; tablet_width_inherit=\u00bbdefault\u00bb animation_type=\u00bbdefault\u00bb enable_animation=\u00bbtrue\u00bb animation=\u00bbfade-in-from-bottom\u00bb bg_image_animation=\u00bbnone\u00bb border_type=\u00bbsimple\u00bb column_border_width=\u00bbnone\u00bb column_border_style=\u00bbsolid\u00bb enable_border_animation=\u00bbtrue\u00bb][vc_column_text]\n<h4 align=\"left\"><span style=\"color: #000000;\">Zigzag Diario &#8211; crtvg<\/span><\/h4>\n<p align=\"left\"><a href=\"https:\/\/www.crtvg.es\/tvg\/a-carta\/zigzag-diario-5608754\" target=\"_blank\" rel=\"noopener\">Entrevista &#8211; Lara Hierro &#8211; 2022<\/a><\/p>\n[\/vc_column_text][\/vc_column_inner][vc_column_inner column_padding=\u00bbno-extra-padding\u00bb column_padding_tablet=\u00bbinherit\u00bb column_padding_phone=\u00bbinherit\u00bb column_padding_position=\u00bball\u00bb column_element_spacing=\u00bbdefault\u00bb background_color_opacity=\u00bb1&#8243; background_hover_color_opacity=\u00bb1&#8243; column_shadow=\u00bbnone\u00bb column_border_radius=\u00bbnone\u00bb column_link_target=\u00bb_self\u00bb gradient_direction=\u00bbleft_to_right\u00bb overlay_strength=\u00bb0.3&#8243; width=\u00bb1\/3&#8243; tablet_width_inherit=\u00bbdefault\u00bb animation_type=\u00bbdefault\u00bb bg_image_animation=\u00bbnone\u00bb border_type=\u00bbsimple\u00bb column_border_width=\u00bbnone\u00bb column_border_style=\u00bbsolid\u00bb][vc_column_text]\n<h4 align=\"left\"><span style=\"color: #000000;\">Revista DOT Galicia<\/span><\/h4>\n<p align=\"left\"><a href=\"https:\/\/dotgalicia.com\/entrevista-a-constance-hurle\/\" target=\"_blank\" rel=\"noopener\">Entrevista &#8211; 2019<\/a><\/p>\n[\/vc_column_text][\/vc_column_inner][vc_column_inner column_padding=\u00bbno-extra-padding\u00bb column_padding_tablet=\u00bbinherit\u00bb column_padding_phone=\u00bbinherit\u00bb column_padding_position=\u00bball\u00bb column_element_spacing=\u00bbdefault\u00bb background_color_opacity=\u00bb1&#8243; background_hover_color_opacity=\u00bb1&#8243; column_shadow=\u00bbnone\u00bb column_border_radius=\u00bbnone\u00bb column_link_target=\u00bb_self\u00bb gradient_direction=\u00bbleft_to_right\u00bb overlay_strength=\u00bb0.3&#8243; width=\u00bb1\/3&#8243; tablet_width_inherit=\u00bbdefault\u00bb animation_type=\u00bbdefault\u00bb bg_image_animation=\u00bbnone\u00bb border_type=\u00bbsimple\u00bb column_border_width=\u00bbnone\u00bb column_border_style=\u00bbsolid\u00bb][vc_column_text]\n<h4 align=\"left\"><span style=\"color: #000000;\">Revista Erreguete<\/span><\/h4>\n<p align=\"left\"><a href=\"https:\/\/erreguete.gal\/2025\/11\/21\/constance-hurle-estrea-mina-pequena-no-museo-marco-de-vigo\/\" target=\"_blank\" rel=\"noopener\">Mi\u00f1a pequena &#8211; 2025<\/a><br \/>\n<a href=\"https:\/\/erreguete.gal\/2024\/01\/12\/a-sala-artika-acolle-a-estrea-de-penelope-destecendo-o-vinculo\/\">Estrea Pen\u00e9lope &#8211; 2024<\/a><br \/>\n<a href=\"https:\/\/erreguete.gal\/2024\/02\/10\/penelope-destecendo-o-vinculo\/\">Pen\u00e9lope &#8211; 2024<\/a><br \/>\n<a href=\"https:\/\/erreguete.gal\/2020\/11\/03\/lara-hierro-monologo-corpo-movemento-gana-premio-publico-certame-de-micro-escenas-metro-cadrado\/\">Art\u00edculo &#8211; Mon\u00f3logo para corpo en movemento &#8211; 2020<\/a><\/p>\n[\/vc_column_text][\/vc_column_inner][\/vc_row_inner][vc_row_inner equal_height=\u00bbyes\u00bb content_placement=\u00bbmiddle\u00bb column_margin=\u00bb60px\u00bb column_direction=\u00bbdefault\u00bb column_direction_tablet=\u00bbdefault\u00bb column_direction_phone=\u00bbdefault\u00bb top_padding=\u00bb1%\u00bb text_align=\u00bbleft\u00bb row_position=\u00bbdefault\u00bb row_position_tablet=\u00bbinherit\u00bb row_position_phone=\u00bbinherit\u00bb overflow=\u00bbvisible\u00bb pointer_events=\u00bball\u00bb min_width=\u00bb47vh\u00bb][vc_column_inner column_padding=\u00bbno-extra-padding\u00bb column_padding_tablet=\u00bbinherit\u00bb column_padding_phone=\u00bbinherit\u00bb column_padding_position=\u00bball\u00bb column_element_spacing=\u00bbdefault\u00bb background_color_opacity=\u00bb1&#8243; background_hover_color_opacity=\u00bb1&#8243; column_shadow=\u00bbnone\u00bb column_border_radius=\u00bbnone\u00bb column_link_target=\u00bb_self\u00bb gradient_direction=\u00bbleft_to_right\u00bb overlay_strength=\u00bb0.3&#8243; width=\u00bb1\/3&#8243; tablet_width_inherit=\u00bbdefault\u00bb animation_type=\u00bbdefault\u00bb bg_image_animation=\u00bbnone\u00bb border_type=\u00bbsimple\u00bb column_border_width=\u00bbnone\u00bb column_border_style=\u00bbsolid\u00bb][vc_column_text]\n<h4 align=\"left\">Diario cultural<\/h4>\n<p align=\"left\"><a href=\"https:\/\/www.agalegaaudio.gal\/videos\/detail\/296229-podcast-cult-18-11-2025mp2\" target=\"_blank\" rel=\"noopener\">Mi\u00f1a pequena &#8211; 2025<\/a><\/p>\n[\/vc_column_text][\/vc_column_inner][vc_column_inner column_padding=\u00bbno-extra-padding\u00bb column_padding_tablet=\u00bbinherit\u00bb column_padding_phone=\u00bbinherit\u00bb column_padding_position=\u00bball\u00bb column_element_spacing=\u00bbdefault\u00bb background_color_opacity=\u00bb1&#8243; background_hover_color_opacity=\u00bb1&#8243; column_shadow=\u00bbnone\u00bb column_border_radius=\u00bbnone\u00bb column_link_target=\u00bb_self\u00bb gradient_direction=\u00bbleft_to_right\u00bb overlay_strength=\u00bb0.3&#8243; width=\u00bb1\/3&#8243; tablet_width_inherit=\u00bbdefault\u00bb animation_type=\u00bbdefault\u00bb enable_animation=\u00bbtrue\u00bb animation=\u00bbfade-in-from-bottom\u00bb bg_image_animation=\u00bbnone\u00bb border_type=\u00bbsimple\u00bb column_border_width=\u00bbnone\u00bb column_border_style=\u00bbsolid\u00bb enable_border_animation=\u00bbtrue\u00bb][vc_column_text]\n<h4 align=\"left\">El correo gallego<\/h4>\n<p><a href=\"https:\/\/www.elcorreogallego.es\/santiago\/2023\/10\/16\/constance-hurle-presenta-sem-grana-93374917.html\" target=\"_blank\" rel=\"noopener\">Sem grana e sem frescura &#8211; 2023<\/a><\/p>\n[\/vc_column_text][\/vc_column_inner][vc_column_inner column_padding=\u00bbno-extra-padding\u00bb column_padding_tablet=\u00bbinherit\u00bb column_padding_phone=\u00bbinherit\u00bb column_padding_position=\u00bball\u00bb column_element_spacing=\u00bbdefault\u00bb background_color_opacity=\u00bb1&#8243; background_hover_color_opacity=\u00bb1&#8243; column_shadow=\u00bbnone\u00bb column_border_radius=\u00bbnone\u00bb column_link_target=\u00bb_self\u00bb gradient_direction=\u00bbleft_to_right\u00bb overlay_strength=\u00bb0.3&#8243; width=\u00bb1\/3&#8243; tablet_width_inherit=\u00bbdefault\u00bb animation_type=\u00bbdefault\u00bb bg_image_animation=\u00bbnone\u00bb border_type=\u00bbsimple\u00bb column_border_width=\u00bbnone\u00bb column_border_style=\u00bbsolid\u00bb][vc_column_text]\n<h4 align=\"left\">Lindeiros<\/h4>\n<p align=\"left\"><a href=\"https:\/\/lindeiros.net\/compostela-novela-constance-hurie\/\" target=\"_blank\" rel=\"noopener\">Sem grana e sem frescura &#8211; 2023<\/a><\/p>\n[\/vc_column_text][\/vc_column_inner][\/vc_row_inner][\/vc_column][\/vc_row]\n","protected":false},"excerpt":{"rendered":"<p>[vc_row type=\u00bbfull_width_background\u00bb full_screen_row_position=\u00bbmiddle\u00bb column_margin=\u00bbdefault\u00bb equal_height=\u00bbyes\u00bb content_placement=\u00bbmiddle\u00bb column_direction=\u00bbdefault\u00bb column_direction_tablet=\u00bbdefault\u00bb column_direction_phone=\u00bbdefault\u00bb bg_color=\u00bb#000000&#8243; scene_position=\u00bbcenter\u00bb top_padding=\u00bb3%\u00bb bottom_padding=\u00bb3%\u00bb top_padding_tablet=\u00bb8%\u00bb bottom_padding_tablet=\u00bb8%\u00bb text_color=\u00bbdark\u00bb text_align=\u00bbleft\u00bb row_border_radius=\u00bbnone\u00bb row_border_radius_applies=\u00bbbg\u00bb overflow=\u00bbvisible\u00bb id=\u00bbhome\u00bb overlay_strength=\u00bb0.5&#8243; gradient_direction=\u00bbtop_to_bottom\u00bb shape_divider_position=\u00bbbottom\u00bb bg_image_animation=\u00bbnone\u00bb shape_type=\u00bbstraight_section\u00bb][vc_column column_padding=\u00bbno-extra-padding\u00bb column_padding_tablet=\u00bbinherit\u00bb column_padding_phone=\u00bbinherit\u00bb column_padding_position=\u00bball\u00bb&#8230;<\/p>\n","protected":false},"author":2,"featured_media":0,"parent":0,"menu_order":0,"comment_status":"closed","ping_status":"closed","template":"","meta":{"footnotes":""},"class_list":["post-7030","page","type-page","status-publish"],"yoast_head":"<!-- This site is optimized with the Yoast SEO plugin v27.3 - https:\/\/yoast.com\/product\/yoast-seo-wordpress\/ -->\n<title>La Compa\u00f1\u00eda - Constance Hurl\u00e9<\/title>\n<meta name=\"description\" content=\"La compa\u00f1\u00eda Constance Hurl\u00e9 de artes del movimiento de car\u00e1cter multidisciplinar donde el eje es el di\u00e1logo entre palabra, cuerpo y m\u00fasica.\" \/>\n<meta name=\"robots\" content=\"index, follow, max-snippet:-1, max-image-preview:large, max-video-preview:-1\" \/>\n<link rel=\"canonical\" href=\"https:\/\/constancehurle.com\/es\/la-compania\/\" \/>\n<meta property=\"og:locale\" content=\"es_ES\" \/>\n<meta property=\"og:type\" content=\"article\" \/>\n<meta property=\"og:title\" content=\"La Compa\u00f1\u00eda - Constance Hurl\u00e9\" \/>\n<meta property=\"og:description\" content=\"La compa\u00f1\u00eda Constance Hurl\u00e9 de artes del movimiento de car\u00e1cter multidisciplinar donde el eje es el di\u00e1logo entre palabra, cuerpo y m\u00fasica.\" \/>\n<meta property=\"og:url\" content=\"https:\/\/constancehurle.com\/es\/la-compania\/\" \/>\n<meta property=\"og:site_name\" content=\"Constance Hurl\u00e9\" \/>\n<meta property=\"article:modified_time\" content=\"2026-03-17T10:33:48+00:00\" \/>\n<meta name=\"twitter:card\" content=\"summary_large_image\" \/>\n<meta name=\"twitter:label1\" content=\"Tiempo de lectura\" \/>\n\t<meta name=\"twitter:data1\" content=\"9 minutos\" \/>\n<script type=\"application\/ld+json\" class=\"yoast-schema-graph\">{\"@context\":\"https:\\\/\\\/schema.org\",\"@graph\":[{\"@type\":\"WebPage\",\"@id\":\"https:\\\/\\\/constancehurle.com\\\/es\\\/la-compania\\\/\",\"url\":\"https:\\\/\\\/constancehurle.com\\\/es\\\/la-compania\\\/\",\"name\":\"La Compa\u00f1\u00eda - Constance Hurl\u00e9\",\"isPartOf\":{\"@id\":\"https:\\\/\\\/constancehurle.com\\\/#website\"},\"datePublished\":\"2021-11-23T15:59:27+00:00\",\"dateModified\":\"2026-03-17T10:33:48+00:00\",\"description\":\"La compa\u00f1\u00eda Constance Hurl\u00e9 de artes del movimiento de car\u00e1cter multidisciplinar donde el eje es el di\u00e1logo entre palabra, cuerpo y m\u00fasica.\",\"breadcrumb\":{\"@id\":\"https:\\\/\\\/constancehurle.com\\\/es\\\/la-compania\\\/#breadcrumb\"},\"inLanguage\":\"es\",\"potentialAction\":[{\"@type\":\"ReadAction\",\"target\":[\"https:\\\/\\\/constancehurle.com\\\/es\\\/la-compania\\\/\"]}]},{\"@type\":\"BreadcrumbList\",\"@id\":\"https:\\\/\\\/constancehurle.com\\\/es\\\/la-compania\\\/#breadcrumb\",\"itemListElement\":[{\"@type\":\"ListItem\",\"position\":1,\"name\":\"Portada\",\"item\":\"https:\\\/\\\/constancehurle.com\\\/es\\\/\"},{\"@type\":\"ListItem\",\"position\":2,\"name\":\"La Compa\u00f1\u00eda\"}]},{\"@type\":\"WebSite\",\"@id\":\"https:\\\/\\\/constancehurle.com\\\/#website\",\"url\":\"https:\\\/\\\/constancehurle.com\\\/\",\"name\":\"Constance Hurl\u00e9\",\"description\":\"Poetry - Performance - Dramatist\",\"potentialAction\":[{\"@type\":\"SearchAction\",\"target\":{\"@type\":\"EntryPoint\",\"urlTemplate\":\"https:\\\/\\\/constancehurle.com\\\/?s={search_term_string}\"},\"query-input\":{\"@type\":\"PropertyValueSpecification\",\"valueRequired\":true,\"valueName\":\"search_term_string\"}}],\"inLanguage\":\"es\"}]}<\/script>\n<!-- \/ Yoast SEO plugin. -->","yoast_head_json":{"title":"La Compa\u00f1\u00eda - Constance Hurl\u00e9","description":"La compa\u00f1\u00eda Constance Hurl\u00e9 de artes del movimiento de car\u00e1cter multidisciplinar donde el eje es el di\u00e1logo entre palabra, cuerpo y m\u00fasica.","robots":{"index":"index","follow":"follow","max-snippet":"max-snippet:-1","max-image-preview":"max-image-preview:large","max-video-preview":"max-video-preview:-1"},"canonical":"https:\/\/constancehurle.com\/es\/la-compania\/","og_locale":"es_ES","og_type":"article","og_title":"La Compa\u00f1\u00eda - Constance Hurl\u00e9","og_description":"La compa\u00f1\u00eda Constance Hurl\u00e9 de artes del movimiento de car\u00e1cter multidisciplinar donde el eje es el di\u00e1logo entre palabra, cuerpo y m\u00fasica.","og_url":"https:\/\/constancehurle.com\/es\/la-compania\/","og_site_name":"Constance Hurl\u00e9","article_modified_time":"2026-03-17T10:33:48+00:00","twitter_card":"summary_large_image","twitter_misc":{"Tiempo de lectura":"9 minutos"},"schema":{"@context":"https:\/\/schema.org","@graph":[{"@type":"WebPage","@id":"https:\/\/constancehurle.com\/es\/la-compania\/","url":"https:\/\/constancehurle.com\/es\/la-compania\/","name":"La Compa\u00f1\u00eda - Constance Hurl\u00e9","isPartOf":{"@id":"https:\/\/constancehurle.com\/#website"},"datePublished":"2021-11-23T15:59:27+00:00","dateModified":"2026-03-17T10:33:48+00:00","description":"La compa\u00f1\u00eda Constance Hurl\u00e9 de artes del movimiento de car\u00e1cter multidisciplinar donde el eje es el di\u00e1logo entre palabra, cuerpo y m\u00fasica.","breadcrumb":{"@id":"https:\/\/constancehurle.com\/es\/la-compania\/#breadcrumb"},"inLanguage":"es","potentialAction":[{"@type":"ReadAction","target":["https:\/\/constancehurle.com\/es\/la-compania\/"]}]},{"@type":"BreadcrumbList","@id":"https:\/\/constancehurle.com\/es\/la-compania\/#breadcrumb","itemListElement":[{"@type":"ListItem","position":1,"name":"Portada","item":"https:\/\/constancehurle.com\/es\/"},{"@type":"ListItem","position":2,"name":"La Compa\u00f1\u00eda"}]},{"@type":"WebSite","@id":"https:\/\/constancehurle.com\/#website","url":"https:\/\/constancehurle.com\/","name":"Constance Hurl\u00e9","description":"Poetry - Performance - Dramatist","potentialAction":[{"@type":"SearchAction","target":{"@type":"EntryPoint","urlTemplate":"https:\/\/constancehurle.com\/?s={search_term_string}"},"query-input":{"@type":"PropertyValueSpecification","valueRequired":true,"valueName":"search_term_string"}}],"inLanguage":"es"}]}},"_links":{"self":[{"href":"https:\/\/constancehurle.com\/es\/wp-json\/wp\/v2\/pages\/7030","targetHints":{"allow":["GET"]}}],"collection":[{"href":"https:\/\/constancehurle.com\/es\/wp-json\/wp\/v2\/pages"}],"about":[{"href":"https:\/\/constancehurle.com\/es\/wp-json\/wp\/v2\/types\/page"}],"author":[{"embeddable":true,"href":"https:\/\/constancehurle.com\/es\/wp-json\/wp\/v2\/users\/2"}],"replies":[{"embeddable":true,"href":"https:\/\/constancehurle.com\/es\/wp-json\/wp\/v2\/comments?post=7030"}],"version-history":[{"count":33,"href":"https:\/\/constancehurle.com\/es\/wp-json\/wp\/v2\/pages\/7030\/revisions"}],"predecessor-version":[{"id":8285,"href":"https:\/\/constancehurle.com\/es\/wp-json\/wp\/v2\/pages\/7030\/revisions\/8285"}],"wp:attachment":[{"href":"https:\/\/constancehurle.com\/es\/wp-json\/wp\/v2\/media?parent=7030"}],"curies":[{"name":"wp","href":"https:\/\/api.w.org\/{rel}","templated":true}]}}